{"id":185,"date":"2011-06-10T16:00:19","date_gmt":"2011-06-10T16:00:19","guid":{"rendered":"http:\/\/warendorf.laborumgebung.de\/?page_id=185"},"modified":"2023-05-24T15:28:19","modified_gmt":"2023-05-24T14:28:19","slug":"beratung","status":"publish","type":"page","link":"https:\/\/www.wagner-kuechenstudio.de\/?page_id=185","title":{"rendered":"Beratung"},"content":{"rendered":"<p>Ihre K\u00fcche wird f\u00fcr Sie genau geplant und organisiert:<\/p>\n<p>Wir freuen uns, wenn Sie schon beim ersten Treffen einen K\u00fcchen- oder Raumgrundriss mitbringen.<\/p>\n<p>Lassen Sie sich zun\u00e4chst bei uns inspirieren und informieren Sie sich \u00fcber die vielf\u00e4ltigen M\u00f6glichkeiten. Wir zeigen Ihnen, was K\u00fcche heute alles sein kann.<\/p>\n<p>Wir besprechen Ihre W\u00fcnsche \u2013 wie die K\u00fcche gestaltet sein soll, wie sie in den Raum integriert wird, welche Ger\u00e4tevorstellungen Sie haben und welches Budget Sie planen.<\/p>\n<p>Wir machen eine K\u00fcchenvisite bei Ihnen Zuhause, nehmen alle Ma\u00dfe auf und erfassen architektonische und bauliche Rahmenbedingungen. Alternativ stellen Sie uns einen Grundriss zur Verf\u00fcgung.<\/p>\n","protected":false},"excerpt":{"rendered":"<p>Ihre K\u00fcche wird f\u00fcr Sie genau geplant und organisiert: Wir freuen uns, wenn Sie schon beim ersten Treffen einen K\u00fcchen- oder Raumgrundriss mitbringen. Lassen Sie sich zun\u00e4chst bei uns inspirieren und informieren Sie sich \u00fcber die vielf\u00e4ltigen M\u00f6glichkeiten. Wir zeigen Ihnen, was K\u00fcche heute alles sein kann. Wir besprechen Ihre W\u00fcnsche \u2013 wie die K\u00fcche [&hellip;]<\/p>\n","protected":false},"author":1,"featured_media":3756,"parent":10,"menu_order":0,"comment_status":"open","ping_status":"open","template":"","meta":{"footnotes":""},"class_list":["post-185","page","type-page","status-publish","has-post-thumbnail","hentry"],"_links":{"self":[{"href":"https:\/\/www.wagner-kuechenstudio.de\/index.php?rest_route=\/wp\/v2\/pages\/185","targetHints":{"allow":["GET"]}}],"collection":[{"href":"https:\/\/www.wagner-kuechenstudio.de\/index.php?rest_route=\/wp\/v2\/pages"}],"about":[{"href":"https:\/\/www.wagner-kuechenstudio.de\/index.php?rest_route=\/wp\/v2\/types\/page"}],"author":[{"embeddable":true,"href":"https:\/\/www.wagner-kuechenstudio.de\/index.php?rest_route=\/wp\/v2\/users\/1"}],"replies":[{"embeddable":true,"href":"https:\/\/www.wagner-kuechenstudio.de\/index.php?rest_route=%2Fwp%2Fv2%2Fcomments&post=185"}],"version-history":[{"count":5,"href":"https:\/\/www.wagner-kuechenstudio.de\/index.php?rest_route=\/wp\/v2\/pages\/185\/revisions"}],"predecessor-version":[{"id":4142,"href":"https:\/\/www.wagner-kuechenstudio.de\/index.php?rest_route=\/wp\/v2\/pages\/185\/revisions\/4142"}],"up":[{"embeddable":true,"href":"https:\/\/www.wagner-kuechenstudio.de\/index.php?rest_route=\/wp\/v2\/pages\/10"}],"wp:featuredmedia":[{"embeddable":true,"href":"https:\/\/www.wagner-kuechenstudio.de\/index.php?rest_route=\/wp\/v2\/media\/3756"}],"wp:attachment":[{"href":"https:\/\/www.wagner-kuechenstudio.de\/index.php?rest_route=%2Fwp%2Fv2%2Fmedia&parent=185"}],"curies":[{"name":"wp","href":"https:\/\/api.w.org\/{rel}","templated":true}]}}